{"id":24,"date":"2016-07-13T10:55:53","date_gmt":"2016-07-13T10:55:53","guid":{"rendered":"http:\/\/phproject.hu\/?page_id=24"},"modified":"2022-10-12T10:18:21","modified_gmt":"2022-10-12T10:18:21","slug":"bemutatkozo","status":"publish","type":"page","link":"https:\/\/www.jnszvfa.hu\/?page_id=24","title":{"rendered":"Bemutatkoz\u00f3"},"content":{"rendered":"<hr \/>\n<p>J\u00c1SZ-NAGYKUN-SZOLNOK MEGYEI V\u00c1LLALKOZ\u00c1SFEJLESZT\u00c9SI ALAP\u00cdTV\u00c1NY BEMUTAT\u00c1SA<\/p>\n<p>A J\u00e1sz-Nagykun-Szolnok Megyei V\u00e1llalkoz\u00e1sfejleszt\u00e9si Alap\u00edtv\u00e1ny (az Alap\u00edtv\u00e1ny) 1991-ben t\u00f6rt\u00e9nt l\u00e9trehoz\u00e1s\u00e1nak c\u00e9lja a megye mikro-, kis \u00e9s k\u00f6z\u00e9pv\u00e1llalkoz\u00e1sainak meger\u0151s\u00edt\u00e9se volt az Alap\u00edtv\u00e1ny \u00e1ltal ny\u00fajtott \u00e9s megszervezett fejleszt\u00e9si programok r\u00e9v\u00e9n (inform\u00e1ci\u00f3val t\u00f6rt\u00e9n\u0151 ell\u00e1t\u00e1s, tan\u00e1csad\u00e1s, p\u00e9nz\u00fcgyi \u00e9s oktat\u00e1si programok, stb.). A v\u00e1llalkoz\u00e1sok meger\u0151s\u00edt\u00e9s\u00e9t c\u00e9lz\u00f3 fejleszt\u00e9si programok mellett az Alap\u00edtv\u00e1ny akt\u00edvan r\u00e9szt vett a megye gazdas\u00e1gfejleszt\u00e9si programjainak el\u0151k\u00e9sz\u00edt\u00e9s\u00e9ben, illetve v\u00e9grehajt\u00e1s\u00e1ban. A programok v\u00e9grehajt\u00e1sa sor\u00e1n k\u00f6zvetlen munkakapcsolat alakult ki a PHARE program ir\u00e1ny\u00edt\u00f3hat\u00f3s\u00e1gaival, a Gazdas\u00e1gi \u00e9s K\u00f6zleked\u00e9s\u00fcgyi Miniszt\u00e9riummal, a F\u00f6ldm\u0171vel\u00e9s \u00e9s Vid\u00e9kfejleszt\u00e9si Miniszt\u00e9riummal \u00e9s m\u00e1s t\u00e1mogat\u00e1si forr\u00e1sok gazd\u00e1ival. Az Alap\u00edtv\u00e1ny szoros a kapcsolatot \u00e1pol a megye, gazdas\u00e1g- \u00e9s ter\u00fcletfejleszt\u00e9si szervezeteivel, \u00e9s er\u0151sen t\u00e1mogatja ezen szervezetek egy\u00fcttm\u0171k\u00f6d\u00e9s\u00e9t a megye gazdas\u00e1gi \u00e9s t\u00e1rsadalmi felemelked\u00e9se \u00e9rdek\u00e9ben.<\/p>\n<p>V\u00c1LLALKOZ\u00c1ST ER\u0150S\u00cdT\u0150 PROGRAMJAINK VOLTAK:<\/p>\n<ul>\n<li>foglalkoztat\u00e1st elseg\u00edt\u0151 tev\u00e9kenys\u00e9gek<\/li>\n<li>forr\u00e1sszerz\u00e9si tan\u00e1csad\u00e1s<\/li>\n<li>\u00e1ltal\u00e1nos v\u00e1llalkoz\u00e1sfejleszt\u00e9si inform\u00e1ci\u00f3k biztos\u00edt\u00e1sa<\/li>\n<li>\u00fczletviteli tan\u00e1csad\u00e1s<\/li>\n<li>p\u00e9nz\u00fcgyi tan\u00e1csad\u00e1s<\/li>\n<li>b\u00e9rk\u00f6nyvel\u00e9s<\/li>\n<li>rendezv\u00e9nyek, szakmai konferenci\u00e1k \u00e9s tr\u00e9ningek szervez\u00e9se<\/li>\n<li>k\u00e9pz\u00e9si programok kidolgoz\u00e1sa \u00e9s lebonyol\u00edt\u00e1sa<\/li>\n<li>p\u00e1ly\u00e1zatfigyel\u00e9s, p\u00e1ly\u00e1zati k\u00f6zvet\u00edt\u00e9s, p\u00e1ly\u00e1zat\u00edr\u00e1s<\/li>\n<li>megyei kist\u00e9rs\u00e9gi dokument\u00e1ci\u00f3s t\u00e1r l\u00e9trehoz\u00e1sa, b\u0151v\u00edt\u00e9se \u00e9s karbantart\u00e1sa<\/li>\n<li>megyei kist\u00e9rs\u00e9gi dokument\u00e1ci\u00f3s t\u00e1rhoz val\u00f3 hozz\u00e1f\u00e9r\u00e9s biztos\u00edt\u00e1sa<\/li>\n<li>kapcsol\u00f3d\u00e1s m\u00e1s megyei programokhoz (Ipari Park program, Besz\u00e1ll\u00edt\u00f3i program, PHARE, ISPA, SAPARD programok, stb.)<\/li>\n<li>besz\u00e1ll\u00edt\u00f3k min\u0151s\u00edt\u00e9se, besz\u00e1ll\u00edt\u00f3k sz\u00e1m\u00e1nak n\u00f6vel\u00e9se \u00e9s besz\u00e1ll\u00edt\u00f3i k\u00f6r\u00f6k szervez\u00e9se.<\/li>\n<\/ul>\n<p>MIKROHITELEZ\u00c9SI TEV\u00c9KENYS\u00c9G 1992. \u00f3ta folyamatosan v\u00e9gezz\u00fck a mikro-, kis- \u00e9s k\u00f6z\u00e9pv\u00e1llalkoz\u00e1sok mikrohitelez\u00e9si tev\u00e9kenys\u00e9g\u00e9t. A program keret\u00e9n bel\u00fcl az id\u0151k\u00f6zben folyamatosan v\u00e1ltoz\u00f3 mikrohitelez\u00e9si gyakorlat mellett 2004. december 31-ig \u00f6sszesen 648 v\u00e1llalkoz\u00e1s r\u00e9sz\u00e9re k\u00f6zel 600 milli\u00f3 forintot biztos\u00edtottunk fejleszt\u00e9sre. R\u00e9szletes felt\u00e9telrendszer bemutat\u00e1sa a mell\u00e9kletben. INKUB\u00c1TORH\u00c1Z PROGRAM Szolnok v\u00e1ros ter\u00fclet\u00e9n l\u00e9v\u0151 \u2013 8 \u00e9p\u00fcletet mag\u00e1ban foglal\u00f3 \u2013 volt szovjet laktanya fel\u00faj\u00edt\u00e1s\u00e1nak keret\u00e9n bel\u00fcl t\u00f6rt\u00e9nt meg a Szolnoki V\u00e1llalkoz\u00f3i Inkub\u00e1torh\u00e1z kialak\u00edt\u00e1sa. A folyamatos fejleszt\u00e9sek eredm\u00e9nyek\u00e9ppen 2002. \u00e9vre az Inkub\u00e1torh\u00e1z ter\u00fclet\u00e9n 6 \u00e9p\u00fcletet ker\u00fclt fel\u00faj\u00edt\u00e1sra, 7000 m2 hasznos alapter\u00fclettel. Jelenleg az Inkub\u00e1torh\u00e1z ter\u00fclet\u00e9n t\u00f6bb mint 30 v\u00e1llalkoz\u00f3 m\u0171k\u00f6dik. Sz\u00e1mukra, tev\u00e9kenys\u00e9g\u00fck folytat\u00e1s\u00e1hoz megfelel\u0151 v\u00e1llalkoz\u00f3i infrastrukt\u00fara ker\u00fclt kialak\u00edt\u00e1sra kedvez\u0151 b\u00e9rleti d\u00edjkonstrukci\u00f3 mellett. Az itt m\u0171k\u00f6d\u0151 v\u00e1llalkoz\u00e1sok t\u00f6bb, mint 500 ember sz\u00e1m\u00e1ra teremtenek munkahelyet. Fontos megeml\u00edteni, hogy az itt foglalkoztatottak k\u00f6z\u00fcl 200 f\u0151 megv\u00e1ltozott munkak\u00e9pess\u00e9g\u0171. A v\u00e1llalkoz\u00f3i oktat\u00e1si \u00e9s rendezv\u00e9nyszervez\u00e9si programok megval\u00f3s\u00edt\u00e1s\u00e1hoz az Inkub\u00e1torh\u00e1zban fejlett infrastrukt\u00fara ker\u00fclt kialak\u00edt\u00e1sra. A n\u00e9gy 20-30 f\u0151s oktat\u00f3terem kiv\u00e1l\u00f3an alkalmas a kis-\u00e9s k\u00f6z\u00e9pv\u00e1llalkoz\u00e1sok (KKV) ig\u00e9nyei szerinti k\u00e9pz\u00e9sek lebonyol\u00edt\u00e1s\u00e1ra. A n\u00e9gy teremb\u0151l kett\u0151 multim\u00e9di\u00e1s sz\u00e1m\u00edt\u00f3g\u00e9pekkel szerelt\u00e9k fel. Kialak\u00edt\u00e1sra ker\u00fclt tov\u00e1bb\u00e1 egy 200 f\u0151t befogadni k\u00e9pes konferenciaterem hangos\u00edt\u00e1ssal \u00e9s 50 csatorn\u00e1s tolm\u00e1csberendez\u00e9ssel felszerelve, valamint egy 30 f\u0151s t\u00e1rsalg\u00f3. 2004. \u00e9vben PHARE t\u00e1mogat\u00e1ssal az Inkub\u00e1torh\u00e1z komplexum 412 milli\u00f3 forint \u00e9rt\u00e9k\u0171 beruh\u00e1z\u00e1si forr\u00e1st nyert el k\u00e9t tov\u00e1bbi \u00e9p\u00fclet fel\u00faj\u00edt\u00e1s\u00e1ra. A projekt eredm\u00e9nyek\u00e9ppen az utols\u00f3 k\u00e9t \u00e9p\u00fcletsz\u00e1rny fel\u00faj\u00edt\u00e1s\u00e1val 1700 nm. hasznos fel\u00fcletet vontunk be a hasznos\u00edt\u00e1sba \u00e9s ny\u00fajtottunk tov\u00e1bbi lehet\u0151s\u00e9geket a kisv\u00e1llalkoz\u00e1soknak egy igazi v\u00e1llalkoz\u00e1sbar\u00e1t k\u00f6rnyezetben val\u00f3 elhelyez\u00e9shez. A k\u00e9t \u00faj \u00e9p\u00fcletsz\u00e1rnyban 250 adagos melegkonyha, \u00e9tterem, vend\u00e9gszob\u00e1k, irodahelyis\u00e9gek, konferenciaterem ker\u00fclt kialak\u00edt\u00e1sra, amely ez \u00e1ltal alkalmass\u00e1 v\u00e1lt t\u00f6bbnapos rendezv\u00e9nyek lebonyol\u00edt\u00e1s\u00e1ra is. Az \u00e9p\u00fcletek mellett 50 szgk. sz\u00e1m\u00e1ra alkalmas parkol\u00f3 \u00e9p\u00fclt. INGYENES TAN\u00c1CSAD\u00d3I PROGRAM Az Alapszint\u0171 Tan\u00e1csad\u00e1s k\u00f6zponti program (GVOP 221) keretein bel\u00fcl a Magyarorsz\u00e1gon m\u0171k\u00f6d\u0151 kisv\u00e1llalkoz\u00e1sok ingyenes \u00e9s hathat\u00f3s seg\u00edts\u00e9ghez juthattak. A tan\u00e1csad\u00e1s ig\u00e9nybev\u00e9tel\u00e9vel a KKVk n\u00f6velhett\u00e9k versenyk\u00e9pess\u00e9g\u00fcket, hat\u00e9konys\u00e1gukat \u00e9s nagyobb es\u00e9llyel vehettek r\u00e9szt az EU csatlakoz\u00e1s miatt megv\u00e1ltozott gazdas\u00e1gi k\u00f6rnyezet \u00e1ltal gerjesztett versenyben. A program c\u00e9lkit\u0171z\u00e9se, hogy a kis- \u00e9s k\u00f6z\u00e9pv\u00e1llalkoz\u00e1sok hozz\u00e1jussanak a sikeres m\u0171k\u00f6d\u00e9s\u00fckh\u00f6z sz\u00fcks\u00e9ges n\u00e9lk\u00fcl\u00f6zhetetlen alapismeretekhez a v\u00e1llalkoz\u00e1sind\u00edt\u00e1st\u00f3l a v\u00e1llalatstrat\u00e9gia alkot\u00e1sig \u00e9s folyamatosan inform\u00e1l\u00f3dhassanak az el\u00e9rhet\u0151 hazai \u00e9s EU forr\u00e1sokr\u00f3l. A program szolg\u00e1ltat\u00e1sai azonos tartalmi elemekkel \u00e9s min\u0151s\u00e9gi szinten az eg\u00e9sz orsz\u00e1gban el\u00e9rhet\u0151ek voltak. A programot Magyar V\u00e1llalkoz\u00e1sfejleszt\u00e9si H\u00e1l\u00f3zat Konzorcium fogta \u00f6ssze \u00e9s J\u00e1sz-Nagykun-Szolnok (JNSZ) megy\u00e9ben a JNSZ Megyei V\u00e1llalkoz\u00e1sfejleszt\u00e9si Alap\u00edtv\u00e1ny hajtotta v\u00e9gre. Az alapszint\u0171 tan\u00e1csad\u00e1s sz\u00ednvonal\u00e1t \u00e9s val\u00f3s sz\u00fcks\u00e9gleteken nyugv\u00f3 tartalmi \u00f6sszet\u00e9tel\u00e9t az Alap\u00edtv\u00e1ny regisztr\u00e1lt \u00e9s akkredit\u00e1lt tan\u00e1csad\u00f3k k\u00f6zrem\u0171k\u00f6d\u00e9se \u00e1ltal garant\u00e1lta, egys\u00e9ges m\u00f3dszertannal, szektor semlegesen.<\/p>\n<p>Az ingyenes tan\u00e1csad\u00e1s a k\u00f6vetkez\u0151 szakter\u00fcletekre terjedt ki:<\/p>\n<ol>\n<li>Alapinform\u00e1ci\u00f3k ny\u00fajt\u00e1sa v\u00e1llalkoz\u00f3k sz\u00e1m\u00e1ra.<\/li>\n<li>V\u00e1llalkoz\u00e1sind\u00edt\u00e1ssal kapcsolatos \u00fczleti, p\u00e9nz\u00fcgyi, jogi, sz\u00e1mviteli alapinform\u00e1ci\u00f3k ny\u00fajt\u00e1sa.<\/li>\n<li>P\u00e1ly\u00e1zati tan\u00e1csad\u00e1s<\/li>\n<li>T\u00e1j\u00e9koztat\u00e1s az el\u00e9rhet\u0151 oktat\u00e1si \u00e9s tov\u00e1bbk\u00e9pz\u00e9si lehet\u0151s\u00e9gekr\u0151l<\/li>\n<li>Inform\u00e1ci\u00f3 ny\u00fajt\u00e1sa az eur\u00f3pai uni\u00f3s csatlakoz\u00e1s gazdas\u00e1gi, eur\u00f3pai v\u00e1llalkoz\u00e1sfejleszt\u00e9s<\/li>\n<li>Inform\u00e1ci\u00f3 ny\u00fajt\u00e1sa a v\u00e1llalkoz\u00e1sok sz\u00e1m\u00e1ra el\u00e9rhet\u0151 hazai \u00e9s eur\u00f3pai uni\u00f3s p\u00e1ly\u00e1zati lehet\u0151s\u00e9gekr\u0151l<\/li>\n<li>M\u0171k\u00f6d\u0151 v\u00e1llalkoz\u00e1s helyzet\u00e9nek \u00e1ttekint\u00e9se \u00e9s az ehhez kapcsol\u00f3d\u00f3 fejleszt\u00e9si forr\u00e1sok (pld. hitelkonstrukci\u00f3k)<\/li>\n<li>K\u00f6rnyezeti k\u00f6vetelm\u00e9nyekr\u0151l val\u00f3 t\u00e1j\u00e9koztat\u00e1s ny\u00fajt\u00e1sa<\/li>\n<li>A v\u00e1llalkoz\u00e1s fejleszt\u00e9s\u00e9nek \u00e9rdek\u00e9ben belf\u00f6ldi, valamint eur\u00f3pai uni\u00f3s forr\u00e1slehet\u0151s\u00e9gek, t\u00e1mogat\u00e1sok<\/li>\n<li>Piac \u00e9s versenyhelyzet elemz\u00e9se<\/li>\n<li>P\u00e1ly\u00e1zati \u00f6tletek felkutat\u00e1sa, t\u00e1mogathat\u00f3 re\u00e1lis \u00e9s \u00e9letk\u00e9pes \u00f6tletek projektt\u00e9 form\u00e1l\u00e1sa<\/li>\n<li>Megv\u00e1ltozott k\u00f6rnyezet szerinti piac- \u00e9s versenyhelyzet elemz\u00e9se<\/li>\n<li>Projektgener\u00e1l\u00e1s \u00e9s tervez\u00e9s<\/li>\n<li>Strat\u00e9giai v\u00e1llalkoz\u00e1svezet\u00e9s \u00e9s marketing koncepci\u00f3 kidolgoz\u00e1sa<\/li>\n<\/ol>\n","protected":false},"excerpt":{"rendered":"<p>J\u00c1SZ-NAGYKUN-SZOLNOK MEGYEI V\u00c1LLALKOZ\u00c1SFEJLESZT\u00c9SI ALAP\u00cdTV\u00c1NY BEMUTAT\u00c1SA A J\u00e1sz-Nagykun-Szolnok Megyei V\u00e1llalkoz\u00e1sfejleszt\u00e9si Alap\u00edtv\u00e1ny (az Alap\u00edtv\u00e1ny) 1991-ben t\u00f6rt\u00e9nt l\u00e9trehoz\u00e1s\u00e1nak c\u00e9lja a megye mikro-, kis \u00e9s k\u00f6z\u00e9pv\u00e1llalkoz\u00e1sainak meger\u0151s\u00edt\u00e9se volt az Alap\u00edtv\u00e1ny \u00e1ltal ny\u00fajtott \u00e9s megszervezett fejleszt\u00e9si programok r\u00e9v\u00e9n (inform\u00e1ci\u00f3val t\u00f6rt\u00e9n\u0151 ell\u00e1t\u00e1s, tan\u00e1csad\u00e1s, p\u00e9nz\u00fcgyi \u00e9s oktat\u00e1si programok, stb.). A v\u00e1llalkoz\u00e1sok meger\u0151s\u00edt\u00e9s\u00e9t c\u00e9lz\u00f3 fejleszt\u00e9si programok mellett az \u2026 <a class=\"continue-reading-link\" href=\"https:\/\/www.jnszvfa.hu\/?page_id=24\"> Continue reading <span class=\"meta-nav\">&rarr; <\/span><\/a><\/p>\n","protected":false},"author":1,"featured_media":0,"parent":13,"menu_order":1,"comment_status":"closed","ping_status":"closed","template":"","meta":{"footnotes":""},"class_list":["post-24","page","type-page","status-publish","hentry"],"_links":{"self":[{"href":"https:\/\/www.jnszvfa.hu\/index.php?rest_route=\/wp\/v2\/pages\/24","targetHints":{"allow":["GET"]}}],"collection":[{"href":"https:\/\/www.jnszvfa.hu\/index.php?rest_route=\/wp\/v2\/pages"}],"about":[{"href":"https:\/\/www.jnszvfa.hu\/index.php?rest_route=\/wp\/v2\/types\/page"}],"author":[{"embeddable":true,"href":"https:\/\/www.jnszvfa.hu\/index.php?rest_route=\/wp\/v2\/users\/1"}],"replies":[{"embeddable":true,"href":"https:\/\/www.jnszvfa.hu\/index.php?rest_route=%2Fwp%2Fv2%2Fcomments&post=24"}],"version-history":[{"count":8,"href":"https:\/\/www.jnszvfa.hu\/index.php?rest_route=\/wp\/v2\/pages\/24\/revisions"}],"predecessor-version":[{"id":368,"href":"https:\/\/www.jnszvfa.hu\/index.php?rest_route=\/wp\/v2\/pages\/24\/revisions\/368"}],"up":[{"embeddable":true,"href":"https:\/\/www.jnszvfa.hu\/index.php?rest_route=\/wp\/v2\/pages\/13"}],"wp:attachment":[{"href":"https:\/\/www.jnszvfa.hu\/index.php?rest_route=%2Fwp%2Fv2%2Fmedia&parent=24"}],"curies":[{"name":"wp","href":"https:\/\/api.w.org\/{rel}","templated":true}]}}